{"id":1915,"date":"2019-05-15T12:42:09","date_gmt":"2019-05-15T12:42:09","guid":{"rendered":"https:\/\/afakevents.com\/tr\/?post_type=event&#038;p=1915"},"modified":"2019-06-26T08:51:08","modified_gmt":"2019-06-26T08:51:08","slug":"arab-is-forumu","status":"publish","type":"event","link":"https:\/\/afakevents.com\/tr\/event\/arab-is-forumu\/","title":{"rendered":"ARAB \u0130\u015e FORUMU"},"content":{"rendered":"<div class=\"wpb-content-wrapper\"><p>[vc_row][vc_column]<div class=\"gt-heading gt-dark gt-size1 gt-align-center\"><div class=\"gt-title\"><span>Tu\u0308rkiye&#039;de Arap \u015eirketlerin Toplant\u0131<\/span><\/div><\/div>[vc_empty_space height=&#8221;24px&#8221;][vc_column_text]<\/p>\n<h4 class=\"entry-title text-left\"><a href=\"#\"> ARAP \u0130\u015e FORUMU 2017 <\/a><\/h4>\n<p>Arap ekonomi birlig\u0306i yolculug\u0306unun ilerlemesini desteklemeye, ekonomisini gelis\u0327tirmede en iyi yo\u0308ntemleri kullan- maya ve aralar\u0131nda bu\u0308tu\u0308nles\u0327meyi gerc\u0327ekles\u0327tirmeyi hedefleyen Arap Birlig\u0306in Ekonomik Birlik konseyinin yo\u0308n- lendirmelerine uygun olarak Arap U\u0308lkeleri aras\u0131ndaki ikili ticaret ve ekonomi ilis\u0327kilerini artt\u0131rma istratecisi kapsam\u0131nda;<br \/>\nGerc\u0327ek rakebeti ve uluslararas\u0131 zorluklar kars\u0327\u0131s\u0131nda o\u0308nemli desteg\u0306i yaratacak olan orta dog\u0306u bo\u0308lgesinde ekono- mik ku\u0308meles\u0327meyi olus\u0327turma gereklilig\u0306i ile ilgili c\u0327ag\u0306r\u0131da bulunan Tu\u0308rk Hu\u0308ku\u0308metinin yo\u0308nlendirmelerine uygun olarak I\u0307stanbul, Arap Devletleri aras\u0131nda is\u0327 bo\u0308lu\u0308mlerine ayr\u0131cal\u0131 bir platform sunmak, tu\u0308rk ekonomi tecru\u0308besin- den yararlanmak ve uzun vadeli is\u0327birlig\u0306i yaratmak ic\u0327in ARAP I\u0307S\u0327 FORUMU 2017\u2019ye ev sahiplig\u0306i yapmaktad\u0131r. Kat\u0131l\u0131mc\u0131lar:<\/p>\n<ul class=\"text-dark\">\n<li>Ekonomik Arap Kurumlar\u0131 ve Kurulus\u0327lar\u0131<\/li>\n<li>Arap ve Tu\u0308rk Sanayi ve Ticaret Odalar\u0131<\/li>\n<li>I\u0307s\u0327 Adamlar\u0131 ve Yat\u0131r\u0131mc\u0131lar\u0131n Dernekleri ve Konseyleri<\/li>\n<li>Arap ve Tu\u0308rk Ticari, Sanayi ve Hizmet S\u0327irketleri<\/li>\n<li>Ekonomi Uzmanlar\u0131, Dan\u0131s\u0327manlar ve Bas\u0327ar\u0131l\u0131 Ticari S\u0327irket Sahipleri<\/li>\n<\/ul>\n<h4 class=\"entry-title text-left\"><a href=\"#\">Form\u2019un Ana Hedefleri:<\/a><\/h4>\n<ul class=\"text-dark\">\n<li>Sergileyen S\u0327irketlerin u\u0308ru\u0308nlerini, sanayisini ve hizmetlerini tan\u0131mlama<\/li>\n<li>Ticari al\u0131s\u0327veris\u0327in seviyesini yu\u0308kseltmek, Arap s\u0327irketleri aras\u0131ndaki iki yo\u0308nlu\u0308 yat\u0131r\u0131m f\u0131rsatlar\u0131n\u0131 desteklemek ve Tu\u0308rk ekonomisinin bo\u0308lgedeki varl\u0131g\u0306\u0131ndan yararlanmak<\/li>\n<li>Tu\u0308rk ekonomisinin o\u0308nu\u0308nde etkin istikamet olarak Arap U\u0308lkelerindeki yat\u0131r\u0131m, ticaret ve ekonomi f\u0131rsatlar\u0131n\u0131 tan\u0131tmak, takas ve ticari ortakl\u0131klara dayanmak.<\/li>\n<li>Kat\u0131lan u\u0308lkelerin u\u0308ru\u0308nleri ve sanayisi ic\u0327in yeni pazarlar ac\u0327mak ve Tu\u0308rkiye ile aralar\u0131ndaki ticareti aktiv- les\u0327tirmek.<\/li>\n<\/ul>\n<h4 class=\"entry-title text-left\"><a href=\"#\">Neden Tu\u0308rkiye?<\/a><\/h4>\n<ul class=\"text-dark\">\n<li>Bu\u0308yu\u0308k orta dog\u0306udaki sanayi alan\u0131nda en bu\u0308yu\u0308k olan\u0131 ve en h\u0131zl\u0131 bu\u0308yu\u0308yeni<\/li>\n<li>I\u0307hracata dayanmaktad\u0131r ve du\u0308nya genelinde tu\u0308m mallar\u0131n en bu\u0308yu\u0308k ihracat u\u0308lkesi<br \/>\nTu\u0308rkiye, Orta Asya ile Orta dog\u0306u, Afrika ile Avrupa kes- is\u0327im noktas\u0131nda bulunmaktad\u0131r. Tu\u0308rkiye bir yandan Avrupa birlig\u0306inin s\u0131n\u0131rlar\u0131na kadar uls\u0327amakta, dig\u0306er bir yandan Irak ve Rusya ile s\u0131n\u0131r s\u0131n\u0131rad\u0131r. Tu\u0308rkiye bu\u0308tu\u0308n du\u0308nyaya Akdeniz ve Karadenizden ac\u0327\u0131lmaktad\u0131r. Tu\u0308rki- ye 80 milyon genc\u0327 nu\u0308fusu, toplam 820 milyar Amerikan Dolar\u0131 yerel u\u0308retimi ile du\u0308nyan\u0131n en bu\u0308yu\u0308k ekonomi u\u0308lkelerinin 17. u\u0308lkesi konumundad\u0131r. Tu\u0308rkiye\u2019nin ekono- misi \u201cu\u0308retim ekonomisi\u201d say\u0131lmakta, giris\u0327imcilik ve insan kaynaklar\u0131 gu\u0308c\u0327lerine dayanarak ekonomi bu\u0308yu\u0308me gerc\u0327ekles\u0327tirmeye karal\u0131d\u0131r. Tu\u0308rk ekonomisinin dig\u0306er o\u0308nemli o\u0308zellig\u0306i ise, Gu\u0308mru\u0308k Birlig\u0306i ve Du\u0308nya Ticar- et O\u0308rgu\u0308tu\u0308 u\u0308yesi yani hic\u0327 bir korunma tedbiri olmadan rekabet piyasas\u0131 ic\u0327inde olmas\u0131na rag\u0306men bu is\u0327leri yap- abilmektedir.<\/li>\n<\/ul>\n<h4 class=\"entry-title text-left\"><a href=\"#\">Neden I\u0307stanbul?<\/a><\/h4>\n<ul class=\"text-dark\">\n<li>Ortadog\u0306uda en bu\u0308yu\u0308k ticari s\u0327ehir.<\/li>\n<li>Nu\u0308fus yog\u0306unlug\u0306u neredeyse 20 milyon olmas\u0131.<\/li>\n<li>Ekonomi ve truzim bas\u0327kenti.<\/li>\n<li>Binlerce y\u0131ld\u0131r ticaret merkezidir.<\/li>\n<li>Petrol olmayan ilis\u0327kilere sahip u\u0308ru\u0308nlerin ana liman\u0131.<\/li>\n<\/ul>\n<p>I\u0307stanbul, u\u0308lkelerin ekonomik hayat merkezleri say\u0131lan az s\u0327ehirlerden birisidir. S\u0327ehrin ekonomisine, meslek ve sanat is\u0327lerine bak\u0131ld\u0131g\u0306\u0131nda I\u0307stanbul, Tu\u0308rkiye\u2019nin toplam milli u\u0308retiminin %23\u2019u\u0308nu\u0308 u\u0308rettig\u0306ini go\u0308rmekteyiz. U\u0308lkenin y\u0131ll\u0131k bu\u0308tc\u0327esine katk\u0131s\u0131 ise %40\u2019t\u0131r. Dig\u0306er bir yandan, s\u0327ehrin devlet harcamalar\u0131ndaki katk\u0131s\u0131 ortala- ma %7 &#8211; 8\u2019dir. Ayn\u0131 zamanda tu\u0308m o\u0308zel bankalar\u0131n merkezi olup banka s\u0327ubelerin toplam\u0131n\u0131n %21\u2019i I\u0307stan- bul\u2019da bulunmaktad\u0131r.<br \/>\nI\u0307stanbulun yerel ve uluslararas\u0131 ticarette merkezi o\u0308neme sahiptir. Katk\u0131 deg\u0306er I\u0307stanbul\u2019dea bulunmus\u0327 olup s\u0327ehirin katk\u0131 deg\u0306eri dig\u0306er s\u0327ehirlerin toplam katk\u0131 deg\u0306erlerinin %26\u2019s\u0131na ulas\u0327maktad\u0131r. I\u0307stanbul\u2019un ihra- cat\u0131 ise Tu\u0308rk ihracat\u0131n\u0131n %46\u2019s\u0131na, ithalat\u0131 ise Tu\u0308rk ithalat\u0131n\u0131n %40\u2019\u0131na ulas\u0327maktad\u0131r.<br \/>\nI\u0307stanbul Avrupan\u0131n u\u0308c\u0327u\u0308ncu\u0308 du\u0308nyan\u0131n ise 21. bu\u0308yu\u0308k s\u0327eh- ridir. 2013 nu\u0308fus say\u0131m\u0131na go\u0308re ise ortalama 20 milyon kis\u0327i I\u0307stanbul\u2019da yas\u0327amaktad\u0131r.<\/p>\n<p>I\u0307stanbul, k\u0131talar\u0131 birbirine bag\u0306layan ko\u0308pru\u0308du\u0308r. Ayn\u0131 zamanda tarihi ve dog\u0306al zenginlig\u0306i, sanat ve ku\u0308ltu\u0308ru\u0308n uluslarars\u0131 merkezi olmas\u0131, kolay eris\u0327ebilmesi, konukla- ma c\u0327es\u0327itlilig\u0306in olmas\u0131, teknik hizmetleri, fiyat politikas\u0131 ve konferans merkezlerinin c\u0327es\u0327itlilig\u0306i ile du\u0308nya konfer- anlar\u0131na kucak ac\u0327maktad\u0131r.<br \/>\nEs\u0327siz tarihi birikim ve olanu\u0308stu\u0308 dog\u0306al gu\u0308zellikleri, bunun yan\u0131 s\u0131ra son y\u0131llardaki bir c\u0327ok uluslararas\u0131 olay- lardaki bas\u0327ar\u0131s\u0131ndan dolay\u0131 I\u0307stanbul \u201c2010 Y\u0131l\u0131 Avrupa Ku\u0308ltu\u0308r Bas\u0327kenti\u201d olarak sec\u0327ilmis\u0327tir. 2011 ve 2012 y\u0131llar\u0131n- da ise I\u0307stanbul, 500\u2019u\u0308 as\u0327an delegasyon say\u0131s\u0131 ile kon- frans alan\u0131nda du\u0308nya birincisi olmus\u0327tur. Bir sonrak hedef, konferans bak\u0131m\u0131ndan Avrupan\u0131n ilk 3 s\u0327ehri, du\u0308nyan\u0131n ise ilk 5 u\u0308lkesi aras\u0131nda olma konumunu korumak ve her y\u0131l du\u0308nya lideri olmaya c\u0327al\u0131s\u0327makt\u0131r. I\u0307stanbul, truzim imkanlar\u0131 gibi is\u0327 ic\u0327erisinde bulunan deg\u0306erleri koymakta ve bu\u0308yu\u0308k say\u0131daki kat\u0131l\u0131mc\u0131lar\u0131 ile yerel ve uluslararas\u0131 kurumlar\u0131 ag\u0306\u0131rlamaktad\u0131r.<\/p>\n<pre class=\"tab\">Para Birimi:    Tu\u0308rk Liras\u0131.\r\nSaat Dilimi:    Avrupa Dog\u0306usu, UTC+2\r\nELEKTI\u0307RK :      220 W\r\n<\/pre>\n<h4 class=\"entry-title text-left\"><a href=\"#\">Neden 2017 Arap Ticareti?<\/a><\/h4>\n<ul>\n<li>36 u\u0308lkeyi as\u0327k\u0131n u\u0308lkeden 200\u2019den fazla kat\u0131l\u0131mc\u0131.<\/li>\n<li>Kat\u0131l\u0131mc\u0131lar\u0131n o\u0308zgec\u0327mis\u0327leri: u\u0308reticiler, dag\u0306\u0131t\u0131mc\u0131lar, toptan sat\u0131c\u0131lar, lojistiyen, ticaret adamlar\u0131 ve sairi.<\/li>\n<li>5000\u2019den fazla yerel ve uluslararas\u0131 ziyaretc\u0327i, bunlar\u0131n %80 Arap u\u0308lkelerinden gelmektedir.<\/li>\n<li>Ziyaretc\u0327ilerin o\u0308zgec\u0327mis\u0327leri: u\u0308reticiler, dag\u0306\u0131t\u0131mc\u0131lar, ticaret adamlar\u0131, bayiler, toptan sat\u0131c\u0131lar, perakende sat\u0131c\u0131lar, devlet c\u0327al\u0131s\u0327anlar\u0131, ana mu\u0308s\u0327teriler, medya.<\/li>\n<li>Arap be Tu\u0308rk du\u0308nyas\u0131nda sanayi ve ticaret piyasalar\u0131n\u0131 bag\u0306layan tek platform.<\/li>\n<\/ul>\n<h4 class=\"entry-title text-left\"><a href=\"#\">I\u0307s\u0327e I\u0307s\u0327 (B2B) Toplant\u0131lar\u0131<\/a><\/h4>\n<p>ARAP I\u0307S\u0327 FORUMU 2017\u2019de yeni ortaklar\u0131n\u0131zla bulus\u0327unuz.<br \/>\nForum program\u0131ndan ayr\u0131 alanda ac\u0327\u0131k ofis sistemi sayesinde ve ARAP I\u0307S\u0327 FORUMU 2017\u2019ye davetli formun herhangi bir bo\u0308lu\u0308mu\u0308nden olan s\u0327irketlerin kat\u0131l\u0131m\u0131 ile temiz ve rahat bir toplant\u0131 ortam\u0131 sag\u0306la- nacakt\u0131r.<br \/>\nARAP I\u0307S\u0327 FORUMU 2017\u2019de yap\u0131lacak ikili toplant\u0131lar sizlere k\u0131sa tan\u0131t\u0131m konus\u0327malardan daha fazlas\u0131n\u0131 sunacak, du\u0308nyan\u0131n deg\u0306is\u0327ik yerlerinden gelenler ile bulus\u0327ma ve sizlere o\u0308zgu\u0308 alanda daha genis\u0327 sosyal ve mesleki ag\u0306 ins\u0327aa etme f\u0131rsat\u0131n\u0131 sag\u0306layacakt\u0131r.<br \/>\nForumda gec\u0327irdig\u0306iniz zaman\u0131, planl\u0131 ve bilinc\u0327li is\u0327 toplant\u0131lar\u0131n\u0131 du\u0308zenlemek ile ve foruma daha akif bir s\u0327ekilde kat\u0131lmay\u0131 planlamakla deg\u0306erlendirebilirsiniz.<br \/>\nBunun yan\u0131 s\u0131ra, ikili go\u0308ru\u0308s\u0327meler sayesinde Forum program\u0131ndan ayr\u0131 alanda ac\u0327\u0131k ofis sistemi sayesinde temiz ve rahat bir toplant\u0131 ortam\u0131 sunulacakt\u0131r.<br \/>\nForumdan sonra, yeni arkadas\u0327l\u0131k kurma, bilgi ve tecru\u0308be al\u0131s\u0327 veris\u0327i f\u0131rsatlar\u0131 kazanm\u0131s\u0327 olacaks\u0131n\u0131z. Ayr\u0131ca, yeni yat\u0131r\u0131m ortakl\u0131k f\u0131rsatlar\u0131 da kazanm\u0131s\u0327 olacaks\u0131n\u0131z.<br \/>\nBu bu\u0308yu\u0308k toplant\u0131da sizleri go\u0308rmekten mutluluk suyacag\u0306\u0131z.<br \/>\nI\u0307s\u0327e I\u0307s\u0327 (B2B) Toplant\u0131lar\u0131 U\u0308creti: 150 Amerikan Dolar\u0131.<\/p>\n<p>[\/vc_column_text][vc_empty_space][vc_separator][\/vc_column][\/vc_row]<\/p>\n<\/div>","protected":false},"excerpt":{"rendered":"<p>Lorem ipsum dolor sit amet, voluptua iracundia an pri, his utinam principes dignissim ad. Ne nec dolore oblique nusquam, cu luptatum volutpat delicatissimi has.<\/p>\n","protected":false},"author":4,"featured_media":1917,"comment_status":"open","ping_status":"closed","template":"","meta":{"inline_featured_image":false,"footnotes":""},"eventcat":[],"organizer":[],"event_tags":[],"location":[121],"class_list":["post-1915","event","type-event","status-publish","has-post-thumbnail","hentry","location-istanbul"],"yoast_head":"<!-- This site is optimized with the Yoast SEO plugin v26.5 - https:\/\/yoast.com\/wordpress\/plugins\/seo\/ -->\n<title>ARAB \u0130\u015e FORUMU - Afak Events<\/title>\n<meta name=\"robots\" content=\"index, follow, max-snippet:-1, max-image-preview:large, max-video-preview:-1\" \/>\n<link rel=\"canonical\" href=\"https:\/\/afakevents.com\/tr\/event\/arab-is-forumu\/\" \/>\n<meta property=\"og:locale\" content=\"tr_TR\" \/>\n<meta property=\"og:type\" content=\"article\" \/>\n<meta property=\"og:title\" content=\"ARAB \u0130\u015e FORUMU - Afak Events\" \/>\n<meta property=\"og:description\" content=\"Lorem ipsum dolor sit amet, voluptua iracundia an pri, his utinam principes dignissim ad. Ne nec dolore oblique nusquam, cu luptatum volutpat delicatissimi has.\" \/>\n<meta property=\"og:url\" content=\"https:\/\/afakevents.com\/tr\/event\/arab-is-forumu\/\" \/>\n<meta property=\"og:site_name\" content=\"Afak Events\" \/>\n<meta property=\"article:modified_time\" content=\"2019-06-26T08:51:08+00:00\" \/>\n<meta property=\"og:image\" content=\"https:\/\/afakevents.com\/tr\/wp-content\/uploads\/sites\/4\/2019\/05\/ABF.jpg\" \/>\n\t<meta property=\"og:image:width\" content=\"4608\" \/>\n\t<meta property=\"og:image:height\" content=\"3456\" \/>\n\t<meta property=\"og:image:type\" content=\"image\/jpeg\" \/>\n<meta name=\"twitter:card\" content=\"summary_large_image\" \/>\n<meta name=\"twitter:label1\" content=\"Tahmini okuma s\u00fcresi\" \/>\n\t<meta name=\"twitter:data1\" content=\"7 dakika\" \/>\n<script type=\"application\/ld+json\" class=\"yoast-schema-graph\">{\"@context\":\"https:\/\/schema.org\",\"@graph\":[{\"@type\":\"WebPage\",\"@id\":\"https:\/\/afakevents.com\/tr\/event\/arab-is-forumu\/\",\"url\":\"https:\/\/afakevents.com\/tr\/event\/arab-is-forumu\/\",\"name\":\"ARAB \u0130\u015e FORUMU - Afak Events\",\"isPartOf\":{\"@id\":\"https:\/\/afakevents.com\/tr\/#website\"},\"primaryImageOfPage\":{\"@id\":\"https:\/\/afakevents.com\/tr\/event\/arab-is-forumu\/#primaryimage\"},\"image\":{\"@id\":\"https:\/\/afakevents.com\/tr\/event\/arab-is-forumu\/#primaryimage\"},\"thumbnailUrl\":\"https:\/\/afakevents.com\/tr\/wp-content\/uploads\/sites\/4\/2019\/05\/ABF.jpg\",\"datePublished\":\"2019-05-15T12:42:09+00:00\",\"dateModified\":\"2019-06-26T08:51:08+00:00\",\"breadcrumb\":{\"@id\":\"https:\/\/afakevents.com\/tr\/event\/arab-is-forumu\/#breadcrumb\"},\"inLanguage\":\"tr\",\"potentialAction\":[{\"@type\":\"ReadAction\",\"target\":[\"https:\/\/afakevents.com\/tr\/event\/arab-is-forumu\/\"]}]},{\"@type\":\"ImageObject\",\"inLanguage\":\"tr\",\"@id\":\"https:\/\/afakevents.com\/tr\/event\/arab-is-forumu\/#primaryimage\",\"url\":\"https:\/\/afakevents.com\/tr\/wp-content\/uploads\/sites\/4\/2019\/05\/ABF.jpg\",\"contentUrl\":\"https:\/\/afakevents.com\/tr\/wp-content\/uploads\/sites\/4\/2019\/05\/ABF.jpg\",\"width\":4608,\"height\":3456},{\"@type\":\"BreadcrumbList\",\"@id\":\"https:\/\/afakevents.com\/tr\/event\/arab-is-forumu\/#breadcrumb\",\"itemListElement\":[{\"@type\":\"ListItem\",\"position\":1,\"name\":\"Home\",\"item\":\"https:\/\/afakevents.com\/tr\/\"},{\"@type\":\"ListItem\",\"position\":2,\"name\":\"Events\",\"item\":\"https:\/\/afakevents.com\/tr\/event\/\"},{\"@type\":\"ListItem\",\"position\":3,\"name\":\"ARAB \u0130\u015e FORUMU\"}]},{\"@type\":\"WebSite\",\"@id\":\"https:\/\/afakevents.com\/tr\/#website\",\"url\":\"https:\/\/afakevents.com\/tr\/\",\"name\":\"Afak Events\",\"description\":\"\",\"potentialAction\":[{\"@type\":\"SearchAction\",\"target\":{\"@type\":\"EntryPoint\",\"urlTemplate\":\"https:\/\/afakevents.com\/tr\/?s={search_term_string}\"},\"query-input\":{\"@type\":\"PropertyValueSpecification\",\"valueRequired\":true,\"valueName\":\"search_term_string\"}}],\"inLanguage\":\"tr\"}]}<\/script>\n<!-- \/ Yoast SEO plugin. -->","yoast_head_json":{"title":"ARAB \u0130\u015e FORUMU - Afak Events","robots":{"index":"index","follow":"follow","max-snippet":"max-snippet:-1","max-image-preview":"max-image-preview:large","max-video-preview":"max-video-preview:-1"},"canonical":"https:\/\/afakevents.com\/tr\/event\/arab-is-forumu\/","og_locale":"tr_TR","og_type":"article","og_title":"ARAB \u0130\u015e FORUMU - Afak Events","og_description":"Lorem ipsum dolor sit amet, voluptua iracundia an pri, his utinam principes dignissim ad. Ne nec dolore oblique nusquam, cu luptatum volutpat delicatissimi has.","og_url":"https:\/\/afakevents.com\/tr\/event\/arab-is-forumu\/","og_site_name":"Afak Events","article_modified_time":"2019-06-26T08:51:08+00:00","og_image":[{"width":4608,"height":3456,"url":"https:\/\/afakevents.com\/tr\/wp-content\/uploads\/sites\/4\/2019\/05\/ABF.jpg","type":"image\/jpeg"}],"twitter_card":"summary_large_image","twitter_misc":{"Tahmini okuma s\u00fcresi":"7 dakika"},"schema":{"@context":"https:\/\/schema.org","@graph":[{"@type":"WebPage","@id":"https:\/\/afakevents.com\/tr\/event\/arab-is-forumu\/","url":"https:\/\/afakevents.com\/tr\/event\/arab-is-forumu\/","name":"ARAB \u0130\u015e FORUMU - Afak Events","isPartOf":{"@id":"https:\/\/afakevents.com\/tr\/#website"},"primaryImageOfPage":{"@id":"https:\/\/afakevents.com\/tr\/event\/arab-is-forumu\/#primaryimage"},"image":{"@id":"https:\/\/afakevents.com\/tr\/event\/arab-is-forumu\/#primaryimage"},"thumbnailUrl":"https:\/\/afakevents.com\/tr\/wp-content\/uploads\/sites\/4\/2019\/05\/ABF.jpg","datePublished":"2019-05-15T12:42:09+00:00","dateModified":"2019-06-26T08:51:08+00:00","breadcrumb":{"@id":"https:\/\/afakevents.com\/tr\/event\/arab-is-forumu\/#breadcrumb"},"inLanguage":"tr","potentialAction":[{"@type":"ReadAction","target":["https:\/\/afakevents.com\/tr\/event\/arab-is-forumu\/"]}]},{"@type":"ImageObject","inLanguage":"tr","@id":"https:\/\/afakevents.com\/tr\/event\/arab-is-forumu\/#primaryimage","url":"https:\/\/afakevents.com\/tr\/wp-content\/uploads\/sites\/4\/2019\/05\/ABF.jpg","contentUrl":"https:\/\/afakevents.com\/tr\/wp-content\/uploads\/sites\/4\/2019\/05\/ABF.jpg","width":4608,"height":3456},{"@type":"BreadcrumbList","@id":"https:\/\/afakevents.com\/tr\/event\/arab-is-forumu\/#breadcrumb","itemListElement":[{"@type":"ListItem","position":1,"name":"Home","item":"https:\/\/afakevents.com\/tr\/"},{"@type":"ListItem","position":2,"name":"Events","item":"https:\/\/afakevents.com\/tr\/event\/"},{"@type":"ListItem","position":3,"name":"ARAB \u0130\u015e FORUMU"}]},{"@type":"WebSite","@id":"https:\/\/afakevents.com\/tr\/#website","url":"https:\/\/afakevents.com\/tr\/","name":"Afak Events","description":"","potentialAction":[{"@type":"SearchAction","target":{"@type":"EntryPoint","urlTemplate":"https:\/\/afakevents.com\/tr\/?s={search_term_string}"},"query-input":{"@type":"PropertyValueSpecification","valueRequired":true,"valueName":"search_term_string"}}],"inLanguage":"tr"}]}},"_links":{"self":[{"href":"https:\/\/afakevents.com\/tr\/wp-json\/wp\/v2\/event\/1915","targetHints":{"allow":["GET"]}}],"collection":[{"href":"https:\/\/afakevents.com\/tr\/wp-json\/wp\/v2\/event"}],"about":[{"href":"https:\/\/afakevents.com\/tr\/wp-json\/wp\/v2\/types\/event"}],"author":[{"embeddable":true,"href":"https:\/\/afakevents.com\/tr\/wp-json\/wp\/v2\/users\/4"}],"replies":[{"embeddable":true,"href":"https:\/\/afakevents.com\/tr\/wp-json\/wp\/v2\/comments?post=1915"}],"version-history":[{"count":7,"href":"https:\/\/afakevents.com\/tr\/wp-json\/wp\/v2\/event\/1915\/revisions"}],"predecessor-version":[{"id":2148,"href":"https:\/\/afakevents.com\/tr\/wp-json\/wp\/v2\/event\/1915\/revisions\/2148"}],"wp:featuredmedia":[{"embeddable":true,"href":"https:\/\/afakevents.com\/tr\/wp-json\/wp\/v2\/media\/1917"}],"wp:attachment":[{"href":"https:\/\/afakevents.com\/tr\/wp-json\/wp\/v2\/media?parent=1915"}],"wp:term":[{"taxonomy":"eventcat","embeddable":true,"href":"https:\/\/afakevents.com\/tr\/wp-json\/wp\/v2\/eventcat?post=1915"},{"taxonomy":"organizer","embeddable":true,"href":"https:\/\/afakevents.com\/tr\/wp-json\/wp\/v2\/organizer?post=1915"},{"taxonomy":"event_tags","embeddable":true,"href":"https:\/\/afakevents.com\/tr\/wp-json\/wp\/v2\/event_tags?post=1915"},{"taxonomy":"location","embeddable":true,"href":"https:\/\/afakevents.com\/tr\/wp-json\/wp\/v2\/location?post=1915"}],"curies":[{"name":"wp","href":"https:\/\/api.w.org\/{rel}","templated":true}]}}