{"id":2391,"date":"2021-08-24T16:38:41","date_gmt":"2021-08-24T16:38:41","guid":{"rendered":"https:\/\/afakevents.com\/tr\/?post_type=event&#038;p=2391"},"modified":"2021-08-26T18:28:17","modified_gmt":"2021-08-26T18:28:17","slug":"ltf","status":"publish","type":"event","link":"https:\/\/afakevents.com\/tr\/event\/ltf\/","title":{"rendered":"Libya-T\u00fcrkiye \u0130\u015fletmeler Geli\u015ftirme Forumu"},"content":{"rendered":"<div class=\"wpb-content-wrapper\"><p>[vc_row][vc_column]<div class=\"gt-heading gt-dark gt-size1 gt-align-left\"><div class=\"gt-title\"><span>G\u0130R\u0130\u015e<\/span><\/div><\/div>[vc_empty_space][vc_column_text]<b>Libya <\/b><span style=\"font-weight: 400;\">\u00a0b\u00fcy\u00fck \u00f6l\u00e7\u00fcde petrol gelirlerine ba\u011fl\u0131 oldu\u011fundan dolay\u0131, \u00fclkedeki\u00a0 \u00f6zel sekt\u00f6r gayri safi milli hasilinin %5&#8217;inden fazlas\u0131n\u0131 ge\u00e7memektedir. \u00d6zel sekt\u00f6r \u015firketlerinin %95&#8217;i asl\u0131nda k\u00fc\u00e7\u00fck ve orta \u00f6l\u00e7ekli i\u015fletmeler oldu\u011fu i\u00e7in g\u00f6lge veya resmi olmayan paralel piyasada faaliyet g\u00f6stermektedir. Petrol ve do\u011falgaz, Libya&#8217;n\u0131n gayri safi milli hasilinin %65&#8217;inin fazlas\u0131n\u0131, ihracat\u0131n\u0131n %95&#8217;inin fazlas\u0131n\u0131 ve genel b\u00fct\u00e7eninin %96&#8217;s\u0131n\u0131n fazlas\u0131n\u0131 olu\u015fturmaktad\u0131r. Bu nedenle Libya ekonomisi s\u0131k s\u0131k d\u00fc\u015fen petrol fiyatlar\u0131n\u0131n sars\u0131nt\u0131lar\u0131na ve gen\u00e7ler aras\u0131ndaki i\u015fsizli\u011fin y\u00fcksek seviyelere \u00e7\u0131kmas\u0131na maruz kalmaktad\u0131r. Bu durumu, \u00f6zel sekt\u00f6r arac\u0131l\u0131\u011f\u0131yla ekonomiyi \u00e7e\u015fitlendirme ve k\u00fc\u00e7\u00fck ve orta \u00f6l\u00e7ekli i\u015fletmeleri te\u015fvik etmek icap etmektedir.<\/span><\/p>\n<p><span style=\"font-weight: 400;\">\u00a0\u00a0\u00a0Di\u011fer yandan, geli\u015fmi\u015f \u00fclkelerde oldu\u011fu gibi\u00a0 T\u00fcrkiye&#8217;deki k\u00fc\u00e7\u00fck ve orta \u00f6l\u00e7ekli i\u015fletmeler ekonomik ve sosyal hayatta \u00f6nemli bir rol oynamaktad\u0131r. Son y\u0131llarda, k\u00fc\u00e7\u00fck ve orta \u00f6l\u00e7ekli i\u015fletmelerin T\u00fcrkiye ekonomisine katk\u0131s\u0131ndaki \u00f6nemli art\u0131\u015f; etkin h\u00fck\u00fcmet politikalar\u0131, kamu kurumlar\u0131 aras\u0131ndaki sa\u011flam koordinasyon ve \u00f6zel sekt\u00f6rle s\u00fcrd\u00fcr\u00fclen diyalogun neticesinde m\u00fcmk\u00fcn olmu\u015ftur. Sonu\u00e7 olarak K\u00fc\u00e7\u00fck ve orta \u00f6l\u00e7ekli i\u015fletmeler, \u015firketler gelirinin %63&#8217;\u00fcn\u00fc, istihdam\u0131n %76&#8217;s\u0131n\u0131 ve ihracat\u0131n %60&#8217;\u0131n\u0131 olu\u015fturur duruma gelmi\u015ftir.<\/span><\/p>\n<p><span style=\"font-weight: 400;\">\u00a0\u00a0\u00a0Di\u011fer yandan, geli\u015fmi\u015f \u00fclkelerde oldu\u011fu gibi\u00a0 T\u00fcrkiye&#8217;deki k\u00fc\u00e7\u00fck ve orta \u00f6l\u00e7ekli i\u015fletmeler ekonomik ve sosyal hayatta \u00f6nemli bir rol oynamaktad\u0131r. Son y\u0131llarda, k\u00fc\u00e7\u00fck ve orta \u00f6l\u00e7ekli i\u015fletmelerin T\u00fcrkiye ekonomisine katk\u0131s\u0131ndaki \u00f6nemli art\u0131\u015f; etkin h\u00fck\u00fcmet politikalar\u0131, kamu kurumlar\u0131 aras\u0131ndaki sa\u011flam koordinasyon ve \u00f6zel sekt\u00f6rle s\u00fcrd\u00fcr\u00fclen diyalogun neticesinde m\u00fcmk\u00fcn olmu\u015ftur. Sonu\u00e7 olarak K\u00fc\u00e7\u00fck ve orta \u00f6l\u00e7ekli i\u015fletmeler, \u015firketler gelirinin %63&#8217;\u00fcn\u00fc, istihdam\u0131n %76&#8217;s\u0131n\u0131 ve ihracat\u0131n %60&#8217;\u0131n\u0131 olu\u015fturur duruma gelmi\u015ftir.<\/span><\/p>\n<p><span style=\"font-weight: 400;\">\u00a0\u00a0\u00a0\u00a0Libya-T\u00fcrkiye \u0130\u015fletmeler Geli\u015ftirme Ekonomik Forumu, her iki taraftan ilgilileri bir araya getirerek, T\u00fcrkiye tecr\u00fcbesini de\u011ferlendirmek ve Libya&#8217;daki k\u00fc\u00e7\u00fck ve orta \u00f6l\u00e7ekli i\u015fletmeleri destekleme ve geli\u015ftirmede ondan nas\u0131l yararlan\u0131laca\u011f\u0131n\u0131 ara\u015ft\u0131rmay\u0131 hedeflemektedir.<\/span>[\/vc_column_text][vc_empty_space][vc_separator][\/vc_column][\/vc_row][vc_row][vc_column]<div class=\"gt-heading gt-dark gt-size2 gt-align-left\"><div class=\"gt-title\"><span>FORUMUN HEDEFLER\u0130<\/span><\/div><\/div>[vc_empty_space][vc_column_text]<\/p>\n<ul>\n<li><span style=\"font-weight: 400;\">Ekonominin petrol d\u0131\u015f\u0131ndaki sekt\u00f6rlerde \u00e7e\u015fitlendirilmesinin temel bir kayna\u011f\u0131 olarak k\u00fc\u00e7\u00fck ve orta \u00f6l\u00e7ekli i\u015fletmelerin \u00f6nemi konusunda fark\u0131ndal\u0131\u011f\u0131 art\u0131rmak.<\/span><\/li>\n<li><span style=\"font-weight: 400;\">Libya&#8217;da geli\u015fmekte olan k\u00fc\u00e7\u00fck ve orta \u00f6l\u00e7ekli i\u015fletmeler sekt\u00f6r\u00fcn\u00fcn k\u00fcresel ticarette yer edinmesini sa\u011flamak.<\/span><\/li>\n<li><span style=\"font-weight: 400;\">Libya&#8217;daki K\u00fc\u00e7\u00fck ve orta \u00f6l\u00e7ekli i\u015fletmeleri destekleyenlerin, sanayi kurulu\u015flar\u0131n\u0131n, sponsorlar\u0131n, giri\u015fimcilerin ve di\u011fer ilgililerin\u00a0 T\u00fcrkiye tecr\u00fcbesine\u00a0 ve uygulamalar\u0131na eri\u015fimi kolayla\u015ft\u0131rmak.<\/span><\/li>\n<li><span style=\"font-weight: 400;\">K\u00fc\u00e7\u00fck ve orta \u00f6l\u00e7ekli i\u015fletmeler alan\u0131ndaki ba\u015far\u0131l\u0131 T\u00fcrkiye tecr\u00fcbesiyle yak\u0131ndan tan\u0131\u015fmak ve bu alandaki tecr\u00fcbe ve iyi uygulamalar\u0131 Libya&#8217;ya aktarmak.<\/span><\/li>\n<li><span style=\"font-weight: 400;\">Libya-T\u00fcrkiye\u00a0 aras\u0131nda ortakl\u0131klar\u0131 olu\u015fturarak ortak fonlar\u0131n kurularak yoluyla Libya&#8217;daki k\u00fc\u00e7\u00fck ve orta \u00f6l\u00e7ekli i\u015fletme sekt\u00f6r\u00fcn\u00fc in\u015fa etmek, desteklemek ve finanse etmek.<\/span><\/li>\n<\/ul>\n<p>[\/vc_column_text][vc_empty_space][vc_separator][\/vc_column][\/vc_row][vc_row][vc_column]<div class=\"gt-heading gt-dark gt-size2 gt-align-left\"><div class=\"gt-title\"><span>K\u00dc\u00c7\u00dcK VE ORTA \u00d6L\u00c7EKL\u0130 \u0130\u015eLETMELER\u0130 DESTEKLEME UNSURLARI<\/span><\/div><\/div>[vc_empty_space][vc_column_text]<\/p>\n<ol>\n<li><span style=\"font-weight: 400;\">Banka finansman\u0131<\/span><\/li>\n<li><span style=\"font-weight: 400;\">\u00d6nc\u00fc Projeler<\/span><\/li>\n<li><span style=\"font-weight: 400;\">\u0130\u015f \u0130nk\u00fcbat\u00f6rleri ve merkezleri<\/span><\/li>\n<li><span style=\"font-weight: 400;\">Y\u00f6netmelikler\u00a0 ve Kanunlar<\/span><\/li>\n<li><span style=\"font-weight: 400;\">Belediyeler ve Uygulama Mekanizmalar\u0131<\/span><\/li>\n<li><span style=\"font-weight: 400;\">K\u00dc\u00c7\u00dcK VE ORTA \u00d6L\u00c7EKL\u0130 \u0130\u015eLETMELER<\/span><\/li>\n<\/ol>\n<ul>\n<li><span style=\"font-weight: 400;\">E\u011fitim ve Haz\u0131rlama<\/span><\/li>\n<li><span style=\"font-weight: 400;\">Finans ve Pazarlama<\/span><\/li>\n<li><span style=\"font-weight: 400;\">Kurumlar ve Yetkiler<\/span><\/li>\n<li><span style=\"font-weight: 400;\">Ortakl\u0131klar ve Uluslararas\u0131 i\u015fbirli\u011fi<\/span><\/li>\n<\/ul>\n<p>[\/vc_column_text][vc_empty_space][vc_separator][\/vc_column][\/vc_row][vc_row][vc_column]<div class=\"gt-heading gt-dark gt-size2 gt-align-left\"><div class=\"gt-title\"><span>Forumun Konular\u0131<\/span><\/div><\/div>[vc_empty_space][vc_column_text]<\/p>\n<ul>\n<li><span style=\"font-weight: 400;\">K\u00fc\u00e7\u00fck ve orta \u00f6l\u00e7ekli i\u015fletmelerin desteklenmesinde h\u00fck\u00fcmetin rol\u00fc ve politikas\u0131<\/span><\/li>\n<li><span style=\"font-weight: 400;\">K\u00fc\u00e7\u00fck ve orta \u00f6l\u00e7ekli i\u015fletmelerin b\u00fcy\u00fcmesine uygun i\u015f ortam\u0131<\/span><\/li>\n<li><span style=\"font-weight: 400;\">Bilimsel ara\u015ft\u0131rmalar ve yarat\u0131c\u0131 projelerin geli\u015ftirilmesi<\/span><\/li>\n<li><span style=\"font-weight: 400;\">K\u00fc\u00e7\u00fck ve orta \u00f6l\u00e7ekli i\u015fletmeleri destekleyen kurumsal yap\u0131<\/span><\/li>\n<li><span style=\"font-weight: 400;\">K\u00fc\u00e7\u00fck ve orta \u00f6l\u00e7ekli i\u015fletmeleri y\u00f6netme becerilerinin geli\u015ftirilmesi<\/span><\/li>\n<li><span style=\"font-weight: 400;\">K\u00fc\u00e7\u00fck ve orta \u00f6l\u00e7ekli i\u015fletmelerinin fonlanmas\u0131n\u0131n kolayla\u015ft\u0131r\u0131lmas\u0131<\/span><\/li>\n<li><span style=\"font-weight: 400;\">Serbest b\u00f6lgeler ve teknik ve yarat\u0131c\u0131l\u0131k at\u00f6lyeleri<\/span><\/li>\n<\/ul>\n<p>[\/vc_column_text][vc_empty_space][vc_separator][\/vc_column][\/vc_row][vc_row][vc_column]<div class=\"gt-heading gt-dark gt-size2 gt-align-left\"><div class=\"gt-title\"><span>Forum faaliyetleri<\/span><\/div><\/div>[vc_empty_space][vc_column_text]<\/p>\n<ul>\n<li><b>\u00c7al\u0131\u015ftaylar, konferanslar ve ba\u015far\u0131 \u00d6rnekleri:<br \/>\n<\/b>&#8211; <span style=\"font-weight: 400;\">\u0130\u015f ink\u00fcbat\u00f6rlerinin k\u00fc\u00e7\u00fck ve orta \u00f6l\u00e7ekli i\u015fletmelerin geli\u015ftirilmesindeki rolleri.<\/span><br \/>\n&#8211; T\u00fcrkiye ve Libya&#8217;daki k\u00fc\u00e7\u00fck ve orta \u00f6l\u00e7ekli i\u015fletmelerin \u00e7al\u0131\u015fma ortam\u0131.<br \/>\n&#8211; <span style=\"font-weight: 400;\">K\u00fc\u00e7\u00fck ve orta \u00f6l\u00e7ekli i\u015fletmeleri destekleyen genel politikalar.<\/span><br \/>\n&#8211; <span style=\"font-weight: 400;\">K\u00fc\u00e7\u00fck ve orta \u00f6l\u00e7ekli i\u015fletmelerin fonlanmas\u0131.<\/span><\/li>\n<li><b>A\u015fa\u011f\u0131daki Alanlarda \u00c7al\u0131\u015ftaylar ve E\u011fitim kurslar\u0131:<br \/>\n<\/b>&#8211; <span style=\"font-weight: 400;\">Fizibilite \u00e7al\u0131\u015fmalar\u0131<\/span><br \/>\n&#8211; <span style=\"font-weight: 400;\">Sonu\u00e7lara g\u00f6re Y\u00f6netim (QKR)<\/span><\/li>\n<li><span style=\"font-weight: 400;\">Serbest b\u00f6lgelere,\u00a0 \u0130\u015f ink\u00fcbat\u00f6rlerine ve teknolojik \u015fehirlere saha ziyaretleri.<\/span><\/li>\n<li><span style=\"font-weight: 400;\">K\u00fc\u00e7\u00fck ve orta \u00f6l\u00e7ekli i\u015fletmeleri destekleyen ticari \u015firketler ve kurumlar\u0131n fuar\u0131.<\/span><\/li>\n<\/ul>\n<p>[\/vc_column_text][vc_empty_space][vc_separator][\/vc_column][\/vc_row][vc_row][vc_column]<div class=\"gt-heading gt-dark gt-size2 gt-align-left\"><div class=\"gt-title\"><span>HEDEFLENEN<\/span><\/div><\/div>[vc_empty_space][\/vc_column][\/vc_row][vc_row][vc_column width=&#8221;1\/2&#8243;][vc_column_text]<b>HEDEF T\u00dcRK KURUMLARI<\/b><\/p>\n<ul>\n<li style=\"font-weight: 400;\" aria-level=\"1\"><span style=\"font-weight: 400;\">Ticaret Bakanl\u0131\u011f\u0131<\/span><\/li>\n<li style=\"font-weight: 400;\" aria-level=\"1\"><span style=\"font-weight: 400;\">Hazine Ve Maliye Bakanl\u0131\u011f\u0131<\/span><\/li>\n<li style=\"font-weight: 400;\" aria-level=\"1\"><span style=\"font-weight: 400;\">Sanayi Ve Teknoloji Bakanl\u0131\u011f\u0131<\/span><\/li>\n<li style=\"font-weight: 400;\" aria-level=\"1\"><span style=\"font-weight: 400;\">Ticaret Bakanl\u0131\u011f\u0131 Serbest B\u00f6lgeler Dairesi Ba\u015fkanl\u0131\u011f\u0131<\/span><\/li>\n<li style=\"font-weight: 400;\" aria-level=\"1\"><span style=\"font-weight: 400;\">\u0130stanbul Ticaret Odas\u0131 \u0130TO<\/span><\/li>\n<li style=\"font-weight: 400;\" aria-level=\"1\"><span style=\"font-weight: 400;\">\u0130stanbul Sanayi Odas\u0131 \u0130SO<\/span><\/li>\n<li style=\"font-weight: 400;\" aria-level=\"1\"><span style=\"font-weight: 400;\">Sanayi B\u00f6lgeleri \u0130\u015fletmesi<\/span><\/li>\n<li style=\"font-weight: 400;\" aria-level=\"1\"><span style=\"font-weight: 400;\">T\u00fcrk Koordinasyon Ve \u0130\u015fbirli\u011fi Ajans\u0131 T\u0130KA<\/span><\/li>\n<li style=\"font-weight: 400;\" aria-level=\"1\"><span style=\"font-weight: 400;\">Hazine Ve Maliye Bakanl\u0131\u011f\u0131 \u00d6zelle\u015ftirme Dairesi Ba\u015fkanl\u0131\u011f\u0131<\/span><\/li>\n<li style=\"font-weight: 400;\" aria-level=\"1\"><span style=\"font-weight: 400;\">\u0130kitelli Organize Sanayi B\u00f6lgesi IOSB<\/span><\/li>\n<li style=\"font-weight: 400;\" aria-level=\"1\"><span style=\"font-weight: 400;\">K\u00fc\u00e7\u00fck Ve Orta \u00d6l\u00e7ekli \u0130\u015fletme Geli\u015ftirme Organizasyonu GOSKEB.<\/span><\/li>\n<li style=\"font-weight: 400;\" aria-level=\"1\"><span style=\"font-weight: 400;\">Exim Bankas\u0131<\/span><\/li>\n<\/ul>\n<p>[\/vc_column_text][\/vc_column][vc_column width=&#8221;1\/2&#8243;][vc_column_text]<b>HEDEF L\u0130BYALI\u00a0 KURUMLAR<\/b><\/p>\n<ul>\n<li style=\"font-weight: 400;\" aria-level=\"1\"><span style=\"font-weight: 400;\">Ekonomi ve Ticaret Bakanl\u0131\u011f\u0131<\/span><\/li>\n<li style=\"font-weight: 400;\" aria-level=\"1\"><span style=\"font-weight: 400;\">Sanayi ve Maden Bakanl\u0131\u011f\u0131<\/span><\/li>\n<li style=\"font-weight: 400;\" aria-level=\"1\"><span style=\"font-weight: 400;\">Maliye Bakanl\u0131\u011f\u0131<\/span><\/li>\n<li style=\"font-weight: 400;\" aria-level=\"1\"><span style=\"font-weight: 400;\">\u00c7al\u0131\u015fma ve Geli\u015ftirme Bakanl\u0131\u011f\u0131<\/span><\/li>\n<li style=\"font-weight: 400;\" aria-level=\"1\"><span style=\"font-weight: 400;\">Libya Merkez Bankas\u0131<\/span><\/li>\n<li style=\"font-weight: 400;\" aria-level=\"1\"><span style=\"font-weight: 400;\">Devlet Ekonomik \u0130\u015fler Bakanl\u0131\u011f\u0131<\/span><\/li>\n<li style=\"font-weight: 400;\" aria-level=\"1\"><span style=\"font-weight: 400;\">Bankalar ve Finans Kurumlar\u0131<\/span><\/li>\n<li style=\"font-weight: 400;\" aria-level=\"1\"><span style=\"font-weight: 400;\">Ulusal K\u00fc\u00e7\u00fck ve Orta \u00d6l\u00e7ekli \u0130\u015fletmeler Program\u0131<\/span><\/li>\n<li style=\"font-weight: 400;\" aria-level=\"1\"><span style=\"font-weight: 400;\">Serbest B\u00f6lge Idareleri<\/span><\/li>\n<li style=\"font-weight: 400;\" aria-level=\"1\"><span style=\"font-weight: 400;\">Kamu M\u00fclkleri M\u00fcd\u00fcrl\u00fc\u011f\u00fc<\/span><\/li>\n<li style=\"font-weight: 400;\" aria-level=\"1\"><span style=\"font-weight: 400;\">Emlak Kay\u0131t Kurumu<\/span><\/li>\n<li style=\"font-weight: 400;\" aria-level=\"1\"><span style=\"font-weight: 400;\">\u015eehir Planlama Kurumu<\/span><\/li>\n<\/ul>\n<div id=\"gtx-trans\" style=\"position: absolute; left: 169px; top: -10px;\">\n<div class=\"gtx-trans-icon\"><\/div>\n<\/div>\n<p>[\/vc_column_text][\/vc_column][\/vc_row][vc_row][vc_column]<div class=\"gt-heading gt-dark gt-size2 gt-align-left\"><div class=\"gt-title\"><span>\u0130LG\u0130L\u0130 L\u0130BYALI KURUMLARI<\/span><\/div><\/div>[vc_empty_space][vc_column_text]<\/p>\n<ul>\n<li style=\"font-weight: 400;\" aria-level=\"1\"><span style=\"font-weight: 400;\">Libya Sanayi Federasyonu<\/span><\/li>\n<li style=\"font-weight: 400;\" aria-level=\"1\"><span style=\"font-weight: 400;\">Ulusal Sanayi Kalk\u0131nma Kurumu<\/span><\/li>\n<li style=\"font-weight: 400;\" aria-level=\"1\"><span style=\"font-weight: 400;\">Sanayi B\u00f6lgeler Genel M\u00fcd\u00fcrl\u00fc\u011f\u00fc<\/span><\/li>\n<li style=\"font-weight: 400;\" aria-level=\"1\"><span style=\"font-weight: 400;\">Libya Ekonomi Vakf\u0131<\/span><\/li>\n<li style=\"font-weight: 400;\" aria-level=\"1\"><span style=\"font-weight: 400;\">Sebha Ticaret, Sanayi ve Tar\u0131m Odas\u0131<\/span><\/li>\n<li style=\"font-weight: 400;\" aria-level=\"1\"><span style=\"font-weight: 400;\">Trablus Ticaret, Sanayi ve Tar\u0131m Odas\u0131<\/span><\/li>\n<li style=\"font-weight: 400;\" aria-level=\"1\"><span style=\"font-weight: 400;\">El-Cebel El-Garbi Ticaret, Sanayi ve Tar\u0131m Odas\u0131<\/span><\/li>\n<li style=\"font-weight: 400;\" aria-level=\"1\"><span style=\"font-weight: 400;\">Libya Kalk\u0131nma ve Giri\u015fimcilik Vakf\u0131<\/span><\/li>\n<\/ul>\n<p>[\/vc_column_text][vc_empty_space][vc_separator][\/vc_column][\/vc_row]<\/p>\n<\/div>","protected":false},"excerpt":{"rendered":"<p>Lorem ipsum dolor sit amet, voluptua iracundia an pri, his utinam principes dignissim ad. Ne nec dolore oblique nusquam, cu luptatum volutpat delicatissimi has.<\/p>\n","protected":false},"author":4,"featured_media":2394,"comment_status":"open","ping_status":"closed","template":"","meta":{"inline_featured_image":false,"footnotes":""},"eventcat":[],"organizer":[],"event_tags":[34],"location":[121],"class_list":["post-2391","event","type-event","status-publish","has-post-thumbnail","hentry","event_tags-business","location-istanbul"],"yoast_head":"<!-- This site is optimized with the Yoast SEO plugin v26.5 - https:\/\/yoast.com\/wordpress\/plugins\/seo\/ -->\n<title>Libya-T\u00fcrkiye \u0130\u015fletmeler Geli\u015ftirme Forumu - Afak Events<\/title>\n<meta name=\"robots\" content=\"index, follow, max-snippet:-1, max-image-preview:large, max-video-preview:-1\" \/>\n<link rel=\"canonical\" href=\"https:\/\/afakevents.com\/tr\/event\/ltf\/\" \/>\n<meta property=\"og:locale\" content=\"tr_TR\" \/>\n<meta property=\"og:type\" content=\"article\" \/>\n<meta property=\"og:title\" content=\"Libya-T\u00fcrkiye \u0130\u015fletmeler Geli\u015ftirme Forumu - Afak Events\" \/>\n<meta property=\"og:description\" content=\"Lorem ipsum dolor sit amet, voluptua iracundia an pri, his utinam principes dignissim ad. Ne nec dolore oblique nusquam, cu luptatum volutpat delicatissimi has.\" \/>\n<meta property=\"og:url\" content=\"https:\/\/afakevents.com\/tr\/event\/ltf\/\" \/>\n<meta property=\"og:site_name\" content=\"Afak Events\" \/>\n<meta property=\"article:modified_time\" content=\"2021-08-26T18:28:17+00:00\" \/>\n<meta property=\"og:image\" content=\"https:\/\/afakevents.com\/tr\/wp-content\/uploads\/sites\/4\/2021\/08\/LIBYAN_TURKISH_FORUM_FOR_PROJECT_DEVELOPMENT_1080x607_tr.png\" \/>\n\t<meta property=\"og:image:width\" content=\"1080\" \/>\n\t<meta property=\"og:image:height\" content=\"607\" \/>\n\t<meta property=\"og:image:type\" content=\"image\/png\" \/>\n<meta name=\"twitter:card\" content=\"summary_large_image\" \/>\n<meta name=\"twitter:label1\" content=\"Tahmini okuma s\u00fcresi\" \/>\n\t<meta name=\"twitter:data1\" content=\"4 dakika\" \/>\n<script type=\"application\/ld+json\" class=\"yoast-schema-graph\">{\"@context\":\"https:\/\/schema.org\",\"@graph\":[{\"@type\":\"WebPage\",\"@id\":\"https:\/\/afakevents.com\/tr\/event\/ltf\/\",\"url\":\"https:\/\/afakevents.com\/tr\/event\/ltf\/\",\"name\":\"Libya-T\u00fcrkiye \u0130\u015fletmeler Geli\u015ftirme Forumu - Afak Events\",\"isPartOf\":{\"@id\":\"https:\/\/afakevents.com\/tr\/#website\"},\"primaryImageOfPage\":{\"@id\":\"https:\/\/afakevents.com\/tr\/event\/ltf\/#primaryimage\"},\"image\":{\"@id\":\"https:\/\/afakevents.com\/tr\/event\/ltf\/#primaryimage\"},\"thumbnailUrl\":\"https:\/\/afakevents.com\/tr\/wp-content\/uploads\/sites\/4\/2021\/08\/LIBYAN_TURKISH_FORUM_FOR_PROJECT_DEVELOPMENT_1080x607_tr.png\",\"datePublished\":\"2021-08-24T16:38:41+00:00\",\"dateModified\":\"2021-08-26T18:28:17+00:00\",\"breadcrumb\":{\"@id\":\"https:\/\/afakevents.com\/tr\/event\/ltf\/#breadcrumb\"},\"inLanguage\":\"tr\",\"potentialAction\":[{\"@type\":\"ReadAction\",\"target\":[\"https:\/\/afakevents.com\/tr\/event\/ltf\/\"]}]},{\"@type\":\"ImageObject\",\"inLanguage\":\"tr\",\"@id\":\"https:\/\/afakevents.com\/tr\/event\/ltf\/#primaryimage\",\"url\":\"https:\/\/afakevents.com\/tr\/wp-content\/uploads\/sites\/4\/2021\/08\/LIBYAN_TURKISH_FORUM_FOR_PROJECT_DEVELOPMENT_1080x607_tr.png\",\"contentUrl\":\"https:\/\/afakevents.com\/tr\/wp-content\/uploads\/sites\/4\/2021\/08\/LIBYAN_TURKISH_FORUM_FOR_PROJECT_DEVELOPMENT_1080x607_tr.png\",\"width\":1080,\"height\":607},{\"@type\":\"BreadcrumbList\",\"@id\":\"https:\/\/afakevents.com\/tr\/event\/ltf\/#breadcrumb\",\"itemListElement\":[{\"@type\":\"ListItem\",\"position\":1,\"name\":\"Home\",\"item\":\"https:\/\/afakevents.com\/tr\/\"},{\"@type\":\"ListItem\",\"position\":2,\"name\":\"Events\",\"item\":\"https:\/\/afakevents.com\/tr\/event\/\"},{\"@type\":\"ListItem\",\"position\":3,\"name\":\"Libya-T\u00fcrkiye \u0130\u015fletmeler Geli\u015ftirme Forumu\"}]},{\"@type\":\"WebSite\",\"@id\":\"https:\/\/afakevents.com\/tr\/#website\",\"url\":\"https:\/\/afakevents.com\/tr\/\",\"name\":\"Afak Events\",\"description\":\"\",\"potentialAction\":[{\"@type\":\"SearchAction\",\"target\":{\"@type\":\"EntryPoint\",\"urlTemplate\":\"https:\/\/afakevents.com\/tr\/?s={search_term_string}\"},\"query-input\":{\"@type\":\"PropertyValueSpecification\",\"valueRequired\":true,\"valueName\":\"search_term_string\"}}],\"inLanguage\":\"tr\"}]}<\/script>\n<!-- \/ Yoast SEO plugin. -->","yoast_head_json":{"title":"Libya-T\u00fcrkiye \u0130\u015fletmeler Geli\u015ftirme Forumu - Afak Events","robots":{"index":"index","follow":"follow","max-snippet":"max-snippet:-1","max-image-preview":"max-image-preview:large","max-video-preview":"max-video-preview:-1"},"canonical":"https:\/\/afakevents.com\/tr\/event\/ltf\/","og_locale":"tr_TR","og_type":"article","og_title":"Libya-T\u00fcrkiye \u0130\u015fletmeler Geli\u015ftirme Forumu - Afak Events","og_description":"Lorem ipsum dolor sit amet, voluptua iracundia an pri, his utinam principes dignissim ad. Ne nec dolore oblique nusquam, cu luptatum volutpat delicatissimi has.","og_url":"https:\/\/afakevents.com\/tr\/event\/ltf\/","og_site_name":"Afak Events","article_modified_time":"2021-08-26T18:28:17+00:00","og_image":[{"width":1080,"height":607,"url":"https:\/\/afakevents.com\/tr\/wp-content\/uploads\/sites\/4\/2021\/08\/LIBYAN_TURKISH_FORUM_FOR_PROJECT_DEVELOPMENT_1080x607_tr.png","type":"image\/png"}],"twitter_card":"summary_large_image","twitter_misc":{"Tahmini okuma s\u00fcresi":"4 dakika"},"schema":{"@context":"https:\/\/schema.org","@graph":[{"@type":"WebPage","@id":"https:\/\/afakevents.com\/tr\/event\/ltf\/","url":"https:\/\/afakevents.com\/tr\/event\/ltf\/","name":"Libya-T\u00fcrkiye \u0130\u015fletmeler Geli\u015ftirme Forumu - Afak Events","isPartOf":{"@id":"https:\/\/afakevents.com\/tr\/#website"},"primaryImageOfPage":{"@id":"https:\/\/afakevents.com\/tr\/event\/ltf\/#primaryimage"},"image":{"@id":"https:\/\/afakevents.com\/tr\/event\/ltf\/#primaryimage"},"thumbnailUrl":"https:\/\/afakevents.com\/tr\/wp-content\/uploads\/sites\/4\/2021\/08\/LIBYAN_TURKISH_FORUM_FOR_PROJECT_DEVELOPMENT_1080x607_tr.png","datePublished":"2021-08-24T16:38:41+00:00","dateModified":"2021-08-26T18:28:17+00:00","breadcrumb":{"@id":"https:\/\/afakevents.com\/tr\/event\/ltf\/#breadcrumb"},"inLanguage":"tr","potentialAction":[{"@type":"ReadAction","target":["https:\/\/afakevents.com\/tr\/event\/ltf\/"]}]},{"@type":"ImageObject","inLanguage":"tr","@id":"https:\/\/afakevents.com\/tr\/event\/ltf\/#primaryimage","url":"https:\/\/afakevents.com\/tr\/wp-content\/uploads\/sites\/4\/2021\/08\/LIBYAN_TURKISH_FORUM_FOR_PROJECT_DEVELOPMENT_1080x607_tr.png","contentUrl":"https:\/\/afakevents.com\/tr\/wp-content\/uploads\/sites\/4\/2021\/08\/LIBYAN_TURKISH_FORUM_FOR_PROJECT_DEVELOPMENT_1080x607_tr.png","width":1080,"height":607},{"@type":"BreadcrumbList","@id":"https:\/\/afakevents.com\/tr\/event\/ltf\/#breadcrumb","itemListElement":[{"@type":"ListItem","position":1,"name":"Home","item":"https:\/\/afakevents.com\/tr\/"},{"@type":"ListItem","position":2,"name":"Events","item":"https:\/\/afakevents.com\/tr\/event\/"},{"@type":"ListItem","position":3,"name":"Libya-T\u00fcrkiye \u0130\u015fletmeler Geli\u015ftirme Forumu"}]},{"@type":"WebSite","@id":"https:\/\/afakevents.com\/tr\/#website","url":"https:\/\/afakevents.com\/tr\/","name":"Afak Events","description":"","potentialAction":[{"@type":"SearchAction","target":{"@type":"EntryPoint","urlTemplate":"https:\/\/afakevents.com\/tr\/?s={search_term_string}"},"query-input":{"@type":"PropertyValueSpecification","valueRequired":true,"valueName":"search_term_string"}}],"inLanguage":"tr"}]}},"_links":{"self":[{"href":"https:\/\/afakevents.com\/tr\/wp-json\/wp\/v2\/event\/2391","targetHints":{"allow":["GET"]}}],"collection":[{"href":"https:\/\/afakevents.com\/tr\/wp-json\/wp\/v2\/event"}],"about":[{"href":"https:\/\/afakevents.com\/tr\/wp-json\/wp\/v2\/types\/event"}],"author":[{"embeddable":true,"href":"https:\/\/afakevents.com\/tr\/wp-json\/wp\/v2\/users\/4"}],"replies":[{"embeddable":true,"href":"https:\/\/afakevents.com\/tr\/wp-json\/wp\/v2\/comments?post=2391"}],"version-history":[{"count":6,"href":"https:\/\/afakevents.com\/tr\/wp-json\/wp\/v2\/event\/2391\/revisions"}],"predecessor-version":[{"id":2400,"href":"https:\/\/afakevents.com\/tr\/wp-json\/wp\/v2\/event\/2391\/revisions\/2400"}],"wp:featuredmedia":[{"embeddable":true,"href":"https:\/\/afakevents.com\/tr\/wp-json\/wp\/v2\/media\/2394"}],"wp:attachment":[{"href":"https:\/\/afakevents.com\/tr\/wp-json\/wp\/v2\/media?parent=2391"}],"wp:term":[{"taxonomy":"eventcat","embeddable":true,"href":"https:\/\/afakevents.com\/tr\/wp-json\/wp\/v2\/eventcat?post=2391"},{"taxonomy":"organizer","embeddable":true,"href":"https:\/\/afakevents.com\/tr\/wp-json\/wp\/v2\/organizer?post=2391"},{"taxonomy":"event_tags","embeddable":true,"href":"https:\/\/afakevents.com\/tr\/wp-json\/wp\/v2\/event_tags?post=2391"},{"taxonomy":"location","embeddable":true,"href":"https:\/\/afakevents.com\/tr\/wp-json\/wp\/v2\/location?post=2391"}],"curies":[{"name":"wp","href":"https:\/\/api.w.org\/{rel}","templated":true}]}}